{"id":1739,"date":"2024-11-28T10:41:00","date_gmt":"2024-11-28T09:41:00","guid":{"rendered":"https:\/\/sequelprod.be\/portfolio\/les-invisibles-s4\/"},"modified":"2025-02-12T18:31:21","modified_gmt":"2025-02-12T17:31:21","slug":"les-invisibles-s4","status":"publish","type":"portfolio","link":"https:\/\/sequelprod.be\/en\/portfolio\/les-invisibles-s4\/","title":{"rendered":"Les Invisibles S4"},"content":{"rendered":"<div class=\"wpb-content-wrapper\"><p>[vc_row unlock_row_content=&#8221;yes&#8221; row_height_percent=&#8221;75&#8243; override_padding=&#8221;yes&#8221; h_padding=&#8221;5&#8243; top_padding=&#8221;7&#8243; bottom_padding=&#8221;7&#8243; back_color=&#8221;color-wayh&#8221; back_image=&#8221;1449&#8243; overlay_color=&#8221;color-jevc&#8221; overlay_alpha=&#8221;10&#8243; gutter_size=&#8221;3&#8243; column_width_percent=&#8221;100&#8243; shift_y=&#8221;0&#8243; z_index=&#8221;0&#8243; content_parallax=&#8221;0&#8243; uncode_shortcode_id=&#8221;161314&#8243; back_color_type=&#8221;uncode-palette&#8221; overlay_color_type=&#8221;uncode-palette&#8221;][vc_column column_width_percent=&#8221;100&#8243; position_vertical=&#8221;middle&#8221; align_horizontal=&#8221;align_center&#8221; gutter_size=&#8221;3&#8243; style=&#8221;dark&#8221; overlay_alpha=&#8221;50&#8243; shift_x=&#8221;0&#8243; shift_y=&#8221;0&#8243; shift_y_down=&#8221;0&#8243; z_index=&#8221;0&#8243; medium_width=&#8221;0&#8243; mobile_width=&#8221;0&#8243; css_animation=&#8221;alpha-anim&#8221; animation_speed=&#8221;1000&#8243; width=&#8221;1\/1&#8243; uncode_shortcode_id=&#8221;174848&#8243;][\/vc_column][\/vc_row][vc_row unlock_row_content=&#8221;yes&#8221; row_height_percent=&#8221;0&#8243; override_padding=&#8221;yes&#8221; h_padding=&#8221;5&#8243; top_padding=&#8221;4&#8243; bottom_padding=&#8221;4&#8243; overlay_alpha=&#8221;50&#8243; gutter_size=&#8221;3&#8243; column_width_percent=&#8221;100&#8243; shift_y=&#8221;0&#8243; z_index=&#8221;0&#8243; content_parallax=&#8221;0&#8243; uncode_shortcode_id=&#8221;958698&#8243;][vc_column column_width_percent=&#8221;100&#8243; gutter_size=&#8221;3&#8243; overlay_alpha=&#8221;50&#8243; shift_x=&#8221;0&#8243; shift_y=&#8221;0&#8243; shift_y_down=&#8221;0&#8243; z_index=&#8221;0&#8243; medium_width=&#8221;0&#8243; mobile_width=&#8221;0&#8243; width=&#8221;1\/1&#8243; uncode_shortcode_id=&#8221;144915&#8243;][vc_row_inner row_inner_height_percent=&#8221;0&#8243; overlay_alpha=&#8221;50&#8243; gutter_size=&#8221;6&#8243; shift_y=&#8221;0&#8243; z_index=&#8221;0&#8243; limit_content=&#8221;&#8221; uncode_shortcode_id=&#8221;775063&#8243;][vc_column_inner column_width_percent=&#8221;100&#8243; gutter_size=&#8221;2&#8243; overlay_alpha=&#8221;50&#8243; shift_x=&#8221;0&#8243; shift_y=&#8221;0&#8243; shift_y_down=&#8221;0&#8243; z_index=&#8221;0&#8243; medium_width=&#8221;0&#8243; mobile_width=&#8221;0&#8243; width=&#8221;1\/2&#8243; uncode_shortcode_id=&#8221;820070&#8243;][vc_custom_heading auto_text=&#8221;yes&#8221; heading_semantic=&#8221;h3&#8243; text_size=&#8221;h1&#8243; text_transform=&#8221;uppercase&#8221; uncode_shortcode_id=&#8221;145186&#8243;][\/vc_custom_heading][vc_custom_heading heading_semantic=&#8221;p&#8221; text_size=&#8221;h5&#8243; text_weight=&#8221;600&#8243; uncode_shortcode_id=&#8221;151400&#8243;]2024 \u00b7 Crime Series \u00b7 6&#215;52&#8242;[\/vc_custom_heading][vc_custom_heading heading_semantic=&#8221;p&#8221; text_size=&#8221;h5&#8243; text_weight=&#8221;600&#8243; badge_style=&#8221;yes&#8221; back_color=&#8221;color-gyho&#8221; radius=&#8221;sm&#8221; uncode_shortcode_id=&#8221;474826&#8243; back_color_type=&#8221;uncode-palette&#8221;]Coproducer[\/vc_custom_heading][vc_empty_space empty_h=&#8221;2&#8243;][vc_button border_width=&#8221;0&#8243; display=&#8221;inline&#8221; icon=&#8221;fa fa-video-camera&#8221; uncode_shortcode_id=&#8221;102337&#8243; link=&#8221;target:blank|rel:nofollow&#8221;]Trailer[\/vc_button][vc_button border_width=&#8221;0&#8243; display=&#8221;inline&#8221; link=&#8221;url:https%3A%2F%2Fwww.imdb.com%2Ftitle%2Ftt15375008%2F%3Fref%3Dttfc_fc_tt|target:_blank&#8221; icon=&#8221;fa fa-imdb&#8221; uncode_shortcode_id=&#8221;198468&#8243;]IMDB[\/vc_button][vc_empty_space empty_h=&#8221;2&#8243;][vc_custom_heading heading_semantic=&#8221;h4&#8243; text_size=&#8221;h4&#8243; text_weight=&#8221;600&#8243; text_transform=&#8221;uppercase&#8221; uncode_shortcode_id=&#8221;412888&#8243;][\/vc_custom_heading][vc_gallery el_id=&#8221;gallery-9297242&#8243; type=&#8221;css_grid&#8221; grid_items=&#8221;5&#8243; screen_lg_items=&#8221;5&#8243; screen_lg_breakpoint=&#8221;1000&#8243; screen_md_items=&#8221;5&#8243; screen_md_breakpoint=&#8221;600&#8243; screen_sm_items=&#8221;3&#8243; screen_sm_breakpoint=&#8221;480&#8243; gutter_size=&#8221;3&#8243; single_overlay_opacity=&#8221;50&#8243; single_overlay_anim=&#8221;no&#8221; single_text_anim=&#8221;no&#8221; single_image_anim=&#8221;no&#8221; single_padding=&#8221;2&#8243; single_border=&#8221;yes&#8221; uncode_shortcode_id=&#8221;175784&#8243;][\/vc_column_inner][vc_column_inner column_width_percent=&#8221;100&#8243; gutter_size=&#8221;2&#8243; overlay_alpha=&#8221;50&#8243; shift_x=&#8221;0&#8243; shift_y=&#8221;0&#8243; shift_y_down=&#8221;0&#8243; z_index=&#8221;0&#8243; medium_width=&#8221;0&#8243; mobile_width=&#8221;0&#8243; width=&#8221;1\/2&#8243; uncode_shortcode_id=&#8221;587188&#8243;][vc_custom_heading heading_semantic=&#8221;h4&#8243; text_size=&#8221;h4&#8243; text_weight=&#8221;600&#8243; text_transform=&#8221;uppercase&#8221; uncode_shortcode_id=&#8221;134858&#8243;]Synopsis[\/vc_custom_heading][vc_custom_heading heading_semantic=&#8221;p&#8221; text_size=&#8221;h4&#8243; text_weight=&#8221;400&#8243; uncode_shortcode_id=&#8221;681497&#8243;]Darius and his teams of atypical agents, the young and wealthy Duchesse, the experienced Marie-Jo and the former boxer Ben constitute the &#8220;Invisible&#8221; Brigade, a police task force specialized in cases with unidentified bodies. Every investigation is a race against the clock to discover not only what happened to the victims but mostly who they are.[\/vc_custom_heading][\/vc_column_inner][\/vc_row_inner][vc_empty_space empty_h=&#8221;1&#8243;][vc_separator sep_color=&#8221;&#8221; uncode_shortcode_id=&#8221;131089&#8243; sep_color_type=&#8221;uncode-solid&#8221; sep_color_solid=&#8221;#c6c5c0&#8243;][vc_empty_space empty_h=&#8221;2&#8243;][vc_row_inner row_inner_height_percent=&#8221;0&#8243; overlay_alpha=&#8221;50&#8243; gutter_size=&#8221;6&#8243; shift_y=&#8221;0&#8243; z_index=&#8221;0&#8243; limit_content=&#8221;&#8221; uncode_shortcode_id=&#8221;128306&#8243;][vc_column_inner column_width_percent=&#8221;100&#8243; gutter_size=&#8221;2&#8243; overlay_alpha=&#8221;50&#8243; shift_x=&#8221;0&#8243; shift_y=&#8221;0&#8243; shift_y_down=&#8221;0&#8243; z_index=&#8221;0&#8243; medium_width=&#8221;0&#8243; mobile_width=&#8221;0&#8243; width=&#8221;1\/4&#8243; uncode_shortcode_id=&#8221;190525&#8243;][vc_custom_heading heading_semantic=&#8221;h4&#8243; text_size=&#8221;h4&#8243; text_weight=&#8221;600&#8243; text_transform=&#8221;uppercase&#8221; uncode_shortcode_id=&#8221;104844&#8243;]Screenplay[\/vc_custom_heading][vc_custom_heading heading_semantic=&#8221;p&#8221; text_size=&#8221;h4&#8243; text_weight=&#8221;400&#8243; uncode_shortcode_id=&#8221;180996&#8243;]Louis Grang\u00e9<br \/>\nMary Milojevic<br \/>\nSarah Angelini<br \/>\nC\u00e9cile Berger<br \/>\nMarie Vinoy<br \/>\nIngrid Desjours<br \/>\nMarc-Antoine Laurent<br \/>\nH\u00e9l\u00e8ne Duch\u00e2teau<br \/>\nMathieu Gleizes[\/vc_custom_heading][\/vc_column_inner][vc_column_inner column_width_percent=&#8221;100&#8243; gutter_size=&#8221;2&#8243; overlay_alpha=&#8221;50&#8243; shift_x=&#8221;0&#8243; shift_y=&#8221;0&#8243; shift_y_down=&#8221;0&#8243; z_index=&#8221;0&#8243; medium_width=&#8221;0&#8243; mobile_width=&#8221;0&#8243; width=&#8221;1\/4&#8243; uncode_shortcode_id=&#8221;794001&#8243;][vc_custom_heading heading_semantic=&#8221;h4&#8243; text_size=&#8221;h4&#8243; text_weight=&#8221;600&#8243; text_transform=&#8221;uppercase&#8221; uncode_shortcode_id=&#8221;195789&#8243;]Direction[\/vc_custom_heading][vc_custom_heading heading_semantic=&#8221;p&#8221; text_size=&#8221;h4&#8243; text_weight=&#8221;400&#8243; uncode_shortcode_id=&#8221;561388&#8243;]Chris Briant<br \/>\nEmilie Grandperret[\/vc_custom_heading][\/vc_column_inner][vc_column_inner column_width_percent=&#8221;100&#8243; gutter_size=&#8221;2&#8243; overlay_alpha=&#8221;50&#8243; shift_x=&#8221;0&#8243; shift_y=&#8221;0&#8243; shift_y_down=&#8221;0&#8243; z_index=&#8221;0&#8243; medium_width=&#8221;0&#8243; mobile_width=&#8221;0&#8243; width=&#8221;1\/4&#8243; uncode_shortcode_id=&#8221;644564&#8243;][vc_custom_heading heading_semantic=&#8221;h4&#8243; text_size=&#8221;h4&#8243; text_weight=&#8221;600&#8243; text_transform=&#8221;uppercase&#8221; uncode_shortcode_id=&#8221;549340&#8243;]Cast[\/vc_custom_heading][vc_custom_heading heading_semantic=&#8221;p&#8221; text_size=&#8221;h4&#8243; text_weight=&#8221;400&#8243; uncode_shortcode_id=&#8221;950190&#8243;]Guillaume Cramoisan<br \/>\nNathalie Cerda<br \/>\nD\u00e9borah Krey<br \/>\nQuentin Faure<br \/>\nC\u00e9cile Rebboah<br \/>\nJ\u00e9r\u00e9mie Covillault[\/vc_custom_heading][\/vc_column_inner][vc_column_inner column_width_percent=&#8221;100&#8243; gutter_size=&#8221;2&#8243; overlay_alpha=&#8221;50&#8243; shift_x=&#8221;0&#8243; shift_y=&#8221;0&#8243; shift_y_down=&#8221;0&#8243; z_index=&#8221;0&#8243; medium_width=&#8221;0&#8243; mobile_width=&#8221;0&#8243; width=&#8221;1\/4&#8243; uncode_shortcode_id=&#8221;822570&#8243;][vc_custom_heading heading_semantic=&#8221;h4&#8243; text_size=&#8221;h4&#8243; text_weight=&#8221;600&#8243; text_transform=&#8221;uppercase&#8221; uncode_shortcode_id=&#8221;201960&#8243;]Coproduction[\/vc_custom_heading][vc_custom_heading heading_semantic=&#8221;p&#8221; text_size=&#8221;h4&#8243; text_weight=&#8221;400&#8243; uncode_shortcode_id=&#8221;532743&#8243;]Storia T\u00e9l\u00e9vision (FR)[\/vc_custom_heading][\/vc_column_inner][\/vc_row_inner][\/vc_column][\/vc_row][vc_row unlock_row_content=&#8221;yes&#8221; row_height_percent=&#8221;0&#8243; override_padding=&#8221;yes&#8221; h_padding=&#8221;5&#8243; top_padding=&#8221;4&#8243; bottom_padding=&#8221;4&#8243; back_color=&#8221;color-jevc&#8221; overlay_alpha=&#8221;50&#8243; gutter_size=&#8221;4&#8243; column_width_percent=&#8221;100&#8243; shift_y=&#8221;0&#8243; z_index=&#8221;0&#8243; content_parallax=&#8221;0&#8243; uncode_shortcode_id=&#8221;110804&#8243; back_color_type=&#8221;uncode-palette&#8221;][vc_column column_width_percent=&#8221;100&#8243; position_vertical=&#8221;middle&#8221; align_horizontal=&#8221;align_center&#8221; gutter_size=&#8221;4&#8243; style=&#8221;dark&#8221; overlay_alpha=&#8221;50&#8243; shift_x=&#8221;0&#8243; shift_y=&#8221;0&#8243; shift_y_down=&#8221;0&#8243; z_index=&#8221;0&#8243; medium_width=&#8221;0&#8243; mobile_width=&#8221;0&#8243; width=&#8221;1\/1&#8243; uncode_shortcode_id=&#8221;442702&#8243;][vc_row_inner limit_content=&#8221;&#8221;][vc_column_inner column_width_percent=&#8221;100&#8243; gutter_size=&#8221;3&#8243; style=&#8221;dark&#8221; overlay_alpha=&#8221;50&#8243; shift_x=&#8221;0&#8243; shift_y=&#8221;0&#8243; shift_y_down=&#8221;0&#8243; z_index=&#8221;0&#8243; medium_width=&#8221;0&#8243; mobile_width=&#8221;0&#8243; width=&#8221;1\/2&#8243; uncode_shortcode_id=&#8221;102839&#8243;][vc_custom_heading text_size=&#8221;custom&#8221; text_weight=&#8221;500&#8243; uncode_shortcode_id=&#8221;213990&#8243; heading_custom_size=&#8221;45&#8243;]Photo Gallery[\/vc_custom_heading][\/vc_column_inner][vc_column_inner column_width_percent=&#8221;100&#8243; align_horizontal=&#8221;align_right&#8221; gutter_size=&#8221;3&#8243; style=&#8221;dark&#8221; overlay_alpha=&#8221;50&#8243; shift_x=&#8221;0&#8243; shift_y=&#8221;0&#8243; shift_y_down=&#8221;0&#8243; z_index=&#8221;0&#8243; medium_width=&#8221;0&#8243; mobile_visibility=&#8221;yes&#8221; mobile_width=&#8221;0&#8243; width=&#8221;1\/2&#8243; uncode_shortcode_id=&#8221;154269&#8243;][uncode_carousel_nav padding=&#8221;0&#8243; h_align=&#8221;inherit&#8221; arrow_style=&#8221;transparent&#8221; arrow_bg_size=&#8221;no&#8221; icon=&#8221;fa fa-arrow-right2&#8243; arrow_size=&#8221;fa-2x&#8221; animated_arrows=&#8221;yes&#8221; hide_dots=&#8221;yes&#8221; hide_counter=&#8221;yes&#8221; uncode_shortcode_id=&#8221;204644&#8243; target=&#8221;gallery-18534315&#8243;][\/vc_column_inner][\/vc_row_inner][vc_gallery el_id=&#8221;gallery-18534315&#8243; type=&#8221;carousel&#8221; medias=&#8221;1511,1452,1451,1450,1449,1448,1447&#8243; carousel_lg=&#8221;3&#8243; carousel_md=&#8221;3&#8243; carousel_sm=&#8221;1&#8243; thumb_size=&#8221;three-four&#8221; gutter_size=&#8221;5&#8243; media_items=&#8221;media|lightbox|original&#8221; carousel_interval=&#8221;5000&#8243; carousel_navspeed=&#8221;700&#8243; carousel_loop=&#8221;yes&#8221; stage_padding=&#8221;0&#8243; single_overlay_opacity=&#8221;50&#8243; single_overlay_anim=&#8221;no&#8221; single_text_anim=&#8221;no&#8221; single_image_magnetic=&#8221;yes&#8221; single_padding=&#8221;2&#8243; single_title_dimension=&#8221;h3&#8243; single_border=&#8221;yes&#8221; lbox_no_tmb=&#8221;yes&#8221; custom_cursor=&#8221;blur&#8221; sticky_scroll_v_align=&#8221;middle&#8221; horizontal_th_size=&#8221;vh&#8221; uncode_shortcode_id=&#8221;206554&#8243;][uncode_carousel_nav padding=&#8221;0&#8243; h_align=&#8221;left&#8221; hide_arrows=&#8221;yes&#8221; dots_style=&#8221;lines&#8221; hide_counter=&#8221;yes&#8221; text_size=&#8221;h6&#8243; text_weight=&#8221;500&#8243; uncode_shortcode_id=&#8221;907895&#8243; target=&#8221;gallery-18534315&#8243; dot_single_width=&#8221;6&#8243; dot_single_active=&#8221;36&#8243; dot_single_space=&#8221;6&#8243; dot_single_radius=&#8221;6&#8243; dot_single_height=&#8221;6&#8243;][\/vc_column][\/vc_row][vc_row row_height_percent=&#8221;0&#8243; override_padding=&#8221;yes&#8221; h_padding=&#8221;2&#8243; top_padding=&#8221;3&#8243; bottom_padding=&#8221;1&#8243; overlay_alpha=&#8221;50&#8243; gutter_size=&#8221;3&#8243; column_width_percent=&#8221;100&#8243; shift_y=&#8221;0&#8243; z_index=&#8221;0&#8243; content_parallax=&#8221;0&#8243; uncode_shortcode_id=&#8221;203442&#8243;][vc_column column_width_percent=&#8221;100&#8243; position_vertical=&#8221;middle&#8221; align_horizontal=&#8221;align_center&#8221; gutter_size=&#8221;3&#8243; overlay_alpha=&#8221;50&#8243; shift_x=&#8221;0&#8243; shift_y=&#8221;0&#8243; shift_y_down=&#8221;0&#8243; z_index=&#8221;0&#8243; medium_width=&#8221;0&#8243; mobile_width=&#8221;0&#8243; width=&#8221;1\/1&#8243; uncode_shortcode_id=&#8221;161338&#8243;][vc_custom_heading heading_semantic=&#8221;h4&#8243; text_size=&#8221;h4&#8243; text_weight=&#8221;600&#8243; text_transform=&#8221;uppercase&#8221; uncode_shortcode_id=&#8221;719327&#8243;]Share[\/vc_custom_heading][\/vc_column][\/vc_row][vc_row row_height_percent=&#8221;0&#8243; override_padding=&#8221;yes&#8221; h_padding=&#8221;2&#8243; top_padding=&#8221;1&#8243; bottom_padding=&#8221;7&#8243; overlay_alpha=&#8221;50&#8243; gutter_size=&#8221;3&#8243; column_width_percent=&#8221;100&#8243; shift_y=&#8221;0&#8243; z_index=&#8221;0&#8243; content_parallax=&#8221;0&#8243; uncode_shortcode_id=&#8221;351911&#8243;][vc_column column_width_percent=&#8221;100&#8243; position_vertical=&#8221;middle&#8221; align_horizontal=&#8221;align_center&#8221; gutter_size=&#8221;3&#8243; overlay_alpha=&#8221;50&#8243; shift_x=&#8221;0&#8243; shift_y=&#8221;0&#8243; shift_y_down=&#8221;0&#8243; z_index=&#8221;0&#8243; medium_width=&#8221;0&#8243; mobile_width=&#8221;0&#8243; width=&#8221;1\/1&#8243; uncode_shortcode_id=&#8221;161338&#8243;][uncode_share layout=&#8221;multiple&#8221; bigger=&#8221;yes&#8221;][\/vc_column][\/vc_row]<\/p>\n<\/div>","protected":false},"excerpt":{"rendered":"<p>[vc_row unlock_row_content=&#8221;yes&#8221; row_height_percent=&#8221;75&#8243; override_padding=&#8221;yes&#8221; h_padding=&#8221;5&#8243; top_padding=&#8221;7&#8243; bottom_padding=&#8221;7&#8243; back_color=&#8221;color-wayh&#8221; back_image=&#8221;1449&#8243; overlay_color=&#8221;color-jevc&#8221; overlay_alpha=&#8221;10&#8243; gutter_size=&#8221;3&#8243; column_width_percent=&#8221;100&#8243; shift_y=&#8221;0&#8243; z_index=&#8221;0&#8243; content_parallax=&#8221;0&#8243; uncode_shortcode_id=&#8221;161314&#8243; back_color_type=&#8221;uncode-palette&#8221; overlay_color_type=&#8221;uncode-palette&#8221;][vc_column column_width_percent=&#8221;100&#8243; [&hellip;]<\/p>\n","protected":false},"author":2,"featured_media":1700,"parent":0,"menu_order":0,"template":"","meta":{"footnotes":""},"portfolio_category":[19],"class_list":["post-1739","portfolio","type-portfolio","status-publish","has-post-thumbnail","hentry","portfolio_category-tv-series"],"yoast_head":"<!-- This site is optimized with the Yoast SEO plugin v25.4 - https:\/\/yoast.com\/wordpress\/plugins\/seo\/ -->\n<title>Les Invisibles S4 | Sequel Prod<\/title>\n<meta name=\"description\" content=\"Sequel Prod est une soci\u00e9t\u00e9 de production bruxelloise sp\u00e9cialis\u00e9e dans la cr\u00e9ation de fictions audiovisuelles\" \/>\n<meta name=\"robots\" content=\"index, follow, max-snippet:-1, max-image-preview:large, max-video-preview:-1\" \/>\n<link rel=\"canonical\" href=\"https:\/\/sequelprod.be\/en\/portfolio\/les-invisibles-s4\/\" \/>\n<meta property=\"og:locale\" content=\"en_US\" \/>\n<meta property=\"og:type\" content=\"article\" \/>\n<meta property=\"og:title\" content=\"Les Invisibles S4 | Sequel Prod\" \/>\n<meta property=\"og:description\" content=\"Sequel Prod est une soci\u00e9t\u00e9 de production bruxelloise sp\u00e9cialis\u00e9e dans la cr\u00e9ation de fictions audiovisuelles\" \/>\n<meta property=\"og:url\" content=\"https:\/\/sequelprod.be\/en\/portfolio\/les-invisibles-s4\/\" \/>\n<meta property=\"og:site_name\" content=\"Sequel Prod\" \/>\n<meta property=\"article:modified_time\" content=\"2025-02-12T17:31:21+00:00\" \/>\n<meta property=\"og:image\" content=\"https:\/\/sequelprod.be\/wp-content\/uploads\/2024\/11\/sequel-prod-lesinvisibless4-08.webp\" \/>\n\t<meta property=\"og:image:width\" content=\"1920\" \/>\n\t<meta property=\"og:image:height\" content=\"1080\" \/>\n\t<meta property=\"og:image:type\" content=\"image\/webp\" \/>\n<meta name=\"twitter:card\" content=\"summary_large_image\" \/>\n<meta name=\"twitter:label1\" content=\"Est. reading time\" \/>\n\t<meta name=\"twitter:data1\" content=\"3 minutes\" \/>\n<script type=\"application\/ld+json\" class=\"yoast-schema-graph\">{\"@context\":\"https:\/\/schema.org\",\"@graph\":[{\"@type\":\"WebPage\",\"@id\":\"https:\/\/sequelprod.be\/en\/portfolio\/les-invisibles-s4\/\",\"url\":\"https:\/\/sequelprod.be\/en\/portfolio\/les-invisibles-s4\/\",\"name\":\"Les Invisibles S4 | Sequel Prod\",\"isPartOf\":{\"@id\":\"https:\/\/sequelprod.be\/#website\"},\"primaryImageOfPage\":{\"@id\":\"https:\/\/sequelprod.be\/en\/portfolio\/les-invisibles-s4\/#primaryimage\"},\"image\":{\"@id\":\"https:\/\/sequelprod.be\/en\/portfolio\/les-invisibles-s4\/#primaryimage\"},\"thumbnailUrl\":\"https:\/\/sequelprod.be\/wp-content\/uploads\/2024\/11\/sequel-prod-lesinvisibless4-08.webp\",\"datePublished\":\"2024-11-28T09:41:00+00:00\",\"dateModified\":\"2025-02-12T17:31:21+00:00\",\"description\":\"Sequel Prod est une soci\u00e9t\u00e9 de production bruxelloise sp\u00e9cialis\u00e9e dans la cr\u00e9ation de fictions audiovisuelles\",\"breadcrumb\":{\"@id\":\"https:\/\/sequelprod.be\/en\/portfolio\/les-invisibles-s4\/#breadcrumb\"},\"inLanguage\":\"en-US\",\"potentialAction\":[{\"@type\":\"ReadAction\",\"target\":[\"https:\/\/sequelprod.be\/en\/portfolio\/les-invisibles-s4\/\"]}]},{\"@type\":\"ImageObject\",\"inLanguage\":\"en-US\",\"@id\":\"https:\/\/sequelprod.be\/en\/portfolio\/les-invisibles-s4\/#primaryimage\",\"url\":\"https:\/\/sequelprod.be\/wp-content\/uploads\/2024\/11\/sequel-prod-lesinvisibless4-08.webp\",\"contentUrl\":\"https:\/\/sequelprod.be\/wp-content\/uploads\/2024\/11\/sequel-prod-lesinvisibless4-08.webp\",\"width\":1920,\"height\":1080},{\"@type\":\"BreadcrumbList\",\"@id\":\"https:\/\/sequelprod.be\/en\/portfolio\/les-invisibles-s4\/#breadcrumb\",\"itemListElement\":[{\"@type\":\"ListItem\",\"position\":1,\"name\":\"Accueil\",\"item\":\"https:\/\/sequelprod.be\/en\/\"},{\"@type\":\"ListItem\",\"position\":2,\"name\":\"Portfolio\",\"item\":\"https:\/\/sequelprod.be\/portfolio\/\"},{\"@type\":\"ListItem\",\"position\":3,\"name\":\"Les Invisibles S4\"}]},{\"@type\":\"WebSite\",\"@id\":\"https:\/\/sequelprod.be\/#website\",\"url\":\"https:\/\/sequelprod.be\/\",\"name\":\"Sequel Prod\",\"description\":\"Cr\u00e9ation et Production Audiovisuelle\",\"publisher\":{\"@id\":\"https:\/\/sequelprod.be\/#organization\"},\"potentialAction\":[{\"@type\":\"SearchAction\",\"target\":{\"@type\":\"EntryPoint\",\"urlTemplate\":\"https:\/\/sequelprod.be\/?s={search_term_string}\"},\"query-input\":{\"@type\":\"PropertyValueSpecification\",\"valueRequired\":true,\"valueName\":\"search_term_string\"}}],\"inLanguage\":\"en-US\"},{\"@type\":\"Organization\",\"@id\":\"https:\/\/sequelprod.be\/#organization\",\"name\":\"Sequel Prod\",\"url\":\"https:\/\/sequelprod.be\/\",\"logo\":{\"@type\":\"ImageObject\",\"inLanguage\":\"en-US\",\"@id\":\"https:\/\/sequelprod.be\/#\/schema\/logo\/image\/\",\"url\":\"https:\/\/sequelprod.be\/wp-content\/uploads\/2025\/02\/sequel_LOGO_noir-copie-scaled.jpg\",\"contentUrl\":\"https:\/\/sequelprod.be\/wp-content\/uploads\/2025\/02\/sequel_LOGO_noir-copie-scaled.jpg\",\"width\":2560,\"height\":2560,\"caption\":\"Sequel Prod\"},\"image\":{\"@id\":\"https:\/\/sequelprod.be\/#\/schema\/logo\/image\/\"}}]}<\/script>\n<!-- \/ Yoast SEO plugin. -->","yoast_head_json":{"title":"Les Invisibles S4 | Sequel Prod","description":"Sequel Prod est une soci\u00e9t\u00e9 de production bruxelloise sp\u00e9cialis\u00e9e dans la cr\u00e9ation de fictions audiovisuelles","robots":{"index":"index","follow":"follow","max-snippet":"max-snippet:-1","max-image-preview":"max-image-preview:large","max-video-preview":"max-video-preview:-1"},"canonical":"https:\/\/sequelprod.be\/en\/portfolio\/les-invisibles-s4\/","og_locale":"en_US","og_type":"article","og_title":"Les Invisibles S4 | Sequel Prod","og_description":"Sequel Prod est une soci\u00e9t\u00e9 de production bruxelloise sp\u00e9cialis\u00e9e dans la cr\u00e9ation de fictions audiovisuelles","og_url":"https:\/\/sequelprod.be\/en\/portfolio\/les-invisibles-s4\/","og_site_name":"Sequel Prod","article_modified_time":"2025-02-12T17:31:21+00:00","og_image":[{"width":1920,"height":1080,"url":"https:\/\/sequelprod.be\/wp-content\/uploads\/2024\/11\/sequel-prod-lesinvisibless4-08.webp","type":"image\/webp"}],"twitter_card":"summary_large_image","twitter_misc":{"Est. reading time":"3 minutes"},"schema":{"@context":"https:\/\/schema.org","@graph":[{"@type":"WebPage","@id":"https:\/\/sequelprod.be\/en\/portfolio\/les-invisibles-s4\/","url":"https:\/\/sequelprod.be\/en\/portfolio\/les-invisibles-s4\/","name":"Les Invisibles S4 | Sequel Prod","isPartOf":{"@id":"https:\/\/sequelprod.be\/#website"},"primaryImageOfPage":{"@id":"https:\/\/sequelprod.be\/en\/portfolio\/les-invisibles-s4\/#primaryimage"},"image":{"@id":"https:\/\/sequelprod.be\/en\/portfolio\/les-invisibles-s4\/#primaryimage"},"thumbnailUrl":"https:\/\/sequelprod.be\/wp-content\/uploads\/2024\/11\/sequel-prod-lesinvisibless4-08.webp","datePublished":"2024-11-28T09:41:00+00:00","dateModified":"2025-02-12T17:31:21+00:00","description":"Sequel Prod est une soci\u00e9t\u00e9 de production bruxelloise sp\u00e9cialis\u00e9e dans la cr\u00e9ation de fictions audiovisuelles","breadcrumb":{"@id":"https:\/\/sequelprod.be\/en\/portfolio\/les-invisibles-s4\/#breadcrumb"},"inLanguage":"en-US","potentialAction":[{"@type":"ReadAction","target":["https:\/\/sequelprod.be\/en\/portfolio\/les-invisibles-s4\/"]}]},{"@type":"ImageObject","inLanguage":"en-US","@id":"https:\/\/sequelprod.be\/en\/portfolio\/les-invisibles-s4\/#primaryimage","url":"https:\/\/sequelprod.be\/wp-content\/uploads\/2024\/11\/sequel-prod-lesinvisibless4-08.webp","contentUrl":"https:\/\/sequelprod.be\/wp-content\/uploads\/2024\/11\/sequel-prod-lesinvisibless4-08.webp","width":1920,"height":1080},{"@type":"BreadcrumbList","@id":"https:\/\/sequelprod.be\/en\/portfolio\/les-invisibles-s4\/#breadcrumb","itemListElement":[{"@type":"ListItem","position":1,"name":"Accueil","item":"https:\/\/sequelprod.be\/en\/"},{"@type":"ListItem","position":2,"name":"Portfolio","item":"https:\/\/sequelprod.be\/portfolio\/"},{"@type":"ListItem","position":3,"name":"Les Invisibles S4"}]},{"@type":"WebSite","@id":"https:\/\/sequelprod.be\/#website","url":"https:\/\/sequelprod.be\/","name":"Sequel Prod","description":"Cr\u00e9ation et Production Audiovisuelle","publisher":{"@id":"https:\/\/sequelprod.be\/#organization"},"potentialAction":[{"@type":"SearchAction","target":{"@type":"EntryPoint","urlTemplate":"https:\/\/sequelprod.be\/?s={search_term_string}"},"query-input":{"@type":"PropertyValueSpecification","valueRequired":true,"valueName":"search_term_string"}}],"inLanguage":"en-US"},{"@type":"Organization","@id":"https:\/\/sequelprod.be\/#organization","name":"Sequel Prod","url":"https:\/\/sequelprod.be\/","logo":{"@type":"ImageObject","inLanguage":"en-US","@id":"https:\/\/sequelprod.be\/#\/schema\/logo\/image\/","url":"https:\/\/sequelprod.be\/wp-content\/uploads\/2025\/02\/sequel_LOGO_noir-copie-scaled.jpg","contentUrl":"https:\/\/sequelprod.be\/wp-content\/uploads\/2025\/02\/sequel_LOGO_noir-copie-scaled.jpg","width":2560,"height":2560,"caption":"Sequel Prod"},"image":{"@id":"https:\/\/sequelprod.be\/#\/schema\/logo\/image\/"}}]}},"_links":{"self":[{"href":"https:\/\/sequelprod.be\/en\/wp-json\/wp\/v2\/portfolio\/1739","targetHints":{"allow":["GET"]}}],"collection":[{"href":"https:\/\/sequelprod.be\/en\/wp-json\/wp\/v2\/portfolio"}],"about":[{"href":"https:\/\/sequelprod.be\/en\/wp-json\/wp\/v2\/types\/portfolio"}],"author":[{"embeddable":true,"href":"https:\/\/sequelprod.be\/en\/wp-json\/wp\/v2\/users\/2"}],"version-history":[{"count":4,"href":"https:\/\/sequelprod.be\/en\/wp-json\/wp\/v2\/portfolio\/1739\/revisions"}],"predecessor-version":[{"id":2190,"href":"https:\/\/sequelprod.be\/en\/wp-json\/wp\/v2\/portfolio\/1739\/revisions\/2190"}],"wp:featuredmedia":[{"embeddable":true,"href":"https:\/\/sequelprod.be\/en\/wp-json\/wp\/v2\/media\/1700"}],"wp:attachment":[{"href":"https:\/\/sequelprod.be\/en\/wp-json\/wp\/v2\/media?parent=1739"}],"wp:term":[{"taxonomy":"portfolio_category","embeddable":true,"href":"https:\/\/sequelprod.be\/en\/wp-json\/wp\/v2\/portfolio_category?post=1739"}],"curies":[{"name":"wp","href":"https:\/\/api.w.org\/{rel}","templated":true}]}}